{"id":1167,"date":"2024-08-14T10:28:48","date_gmt":"2024-08-14T10:28:48","guid":{"rendered":"https:\/\/gaelscoilshliabhrua.ie\/?page_id=1167"},"modified":"2025-08-27T08:59:22","modified_gmt":"2025-08-27T08:59:22","slug":"muinteoiri-2025-2026","status":"publish","type":"page","link":"https:\/\/gaelscoilshliabhrua.ie\/en\/muinteoiri-2025-2026\/","title":{"rendered":"Foireann 2025-2026"},"content":{"rendered":"<div data-elementor-type=\"wp-page\" data-elementor-id=\"1167\" class=\"elementor elementor-1167\" data-elementor-post-type=\"page\">\n\t\t\t\t\t\t<section data-particle_enable=\"false\" data-particle-mobile-disabled=\"false\" class=\"elementor-section elementor-top-section elementor-element elementor-element-8e91aa3 elementor-section-boxed elementor-section-height-default elementor-section-height-default\" data-id=\"8e91aa3\" data-element_type=\"section\">\n\t\t\t\t\t\t<div class=\"elementor-container elementor-column-gap-default\">\n\t\t\t\t\t<div class=\"elementor-column elementor-col-100 elementor-top-column elementor-element elementor-element-6c91f9df\" data-id=\"6c91f9df\" data-element_type=\"column\">\n\t\t\t<div class=\"elementor-widget-wrap elementor-element-populated\">\n\t\t\t\t\t\t<div class=\"elementor-element elementor-element-5ad66639 elementor-widget elementor-widget-text-editor\" data-id=\"5ad66639\" data-element_type=\"widget\" data-widget_type=\"text-editor.default\">\n\t\t\t\t<div class=\"elementor-widget-container\">\n\t\t\t\t\t\t\t\t\t<p><b>Principal<\/b> <em>(acting up)<\/em> Helen N\u00ed Chianaigh<\/p><p><b>Deputy Principal <\/b><em>(acting up)<\/em> Sarah N\u00ed Fhaol\u00e1in\u00a0<\/p><p>Na\u00edon\u00e1in Bheaga A &#8211; M\u00fainteoir R\u00f3is\u00edn<\/p><p>Na\u00edon\u00e1in Bheaga B &#8211; M\u00fainteoir Cl\u00f3dagh N\u00ed R<\/p><p>Na\u00edon\u00e1in Mh\u00f3ra A &#8211; M\u00fainteoir Eva<\/p><p>Na\u00edon\u00e1in Mh\u00f3ra B &#8211; M\u00fainteoir Laura<\/p><p>Rang 1A- M\u00fainteoir Sharon<\/p><p>Rang 1B- M\u00fainteoir James<\/p><p>Rang 2 &#8211; M\u00fainteoir Niamh<\/p><p>Rang 2\/3- M\u00fainteoir Aisling<\/p><p>Rang 3 A &#8211; M\u00fainteoir Tadhg<\/p><p>Rang 4 A &#8211; M\u00fainteoir Adam<\/p><p>Rang 4 B &#8211; M\u00fainteoir Fionnuala<\/p><p>Rang 5A &#8211; M\u00fainteoir Cl\u00f3dagh de B<\/p><p>Rang 5B &#8211; M\u00fainteoir Maria<\/p><p>Rang 6A &#8211; M\u00fainteoir Eoghan<\/p><p>Rang 6B &#8211; M\u00fainteoir Gary<\/p><p><b>Learning Support Team<\/b><\/p><p>M\u00fainteoir Sarah<\/p><p>M\u00fainteoir Art<\/p><p>M\u00fainteoir Caroline<\/p><p>M\u00fainteoir \u00c1ine<\/p><p><strong>ANA (Additional Needs Assistant)<\/strong><\/p><p>Rachel<\/p><p>Eithne<\/p><p>Nic\u00ed<\/p><p>Mickaela<\/p><p><strong>Secretary<\/strong> Sadhbh<\/p><p><strong>Caretaker<\/strong> Turlach<\/p><p><b>School Leadership Team<\/b><\/p><p><b>Principal <\/b>Helen N\u00ed Chianaigh <em>(acting up)<\/em><\/p><p><b>Deputy Principal <\/b>M\u00fainteoir Sarah <em>(acting up)<\/em><\/p><p><b>Assistant Principals\u00a0<\/b><\/p><p>M\u00fainteoir Fionnuala (PC1)<\/p><p>M\u00fainteoir Tadhg (AP2)<\/p><p>M\u00fainteoir Eoghan (AP2)<\/p><p>M\u00fainteoir James (AP2)<\/p><p>M\u00fainteoir Maria (PC2)<\/p>\t\t\t\t\t\t\t\t<\/div>\n\t\t\t\t<\/div>\n\t\t\t\t\t<\/div>\n\t\t<\/div>\n\t\t\t\t\t<\/div>\n\t\t<\/section>\n\t\t\t\t<section data-particle_enable=\"false\" data-particle-mobile-disabled=\"false\" class=\"elementor-section elementor-top-section elementor-element elementor-element-28e60c3 elementor-section-boxed elementor-section-height-default elementor-section-height-default\" data-id=\"28e60c3\" data-element_type=\"section\">\n\t\t\t\t\t\t<div class=\"elementor-container elementor-column-gap-default\">\n\t\t\t\t\t<div class=\"elementor-column elementor-col-100 elementor-top-column elementor-element elementor-element-0a4dd92\" data-id=\"0a4dd92\" data-element_type=\"column\">\n\t\t\t<div class=\"elementor-widget-wrap elementor-element-populated\">\n\t\t\t\t\t\t<section data-particle_enable=\"false\" data-particle-mobile-disabled=\"false\" class=\"elementor-section elementor-inner-section elementor-element elementor-element-2b7fde2 elementor-section-boxed elementor-section-height-default elementor-section-height-default\" data-id=\"2b7fde2\" data-element_type=\"section\">\n\t\t\t\t\t\t<div class=\"elementor-container elementor-column-gap-default\">\n\t\t\t\t\t<div class=\"elementor-column elementor-col-50 elementor-inner-column elementor-element elementor-element-ee5b3c6\" data-id=\"ee5b3c6\" data-element_type=\"column\">\n\t\t\t<div class=\"elementor-widget-wrap\">\n\t\t\t\t\t\t\t<\/div>\n\t\t<\/div>\n\t\t\t\t<div class=\"elementor-column elementor-col-50 elementor-inner-column elementor-element elementor-element-53233bc\" data-id=\"53233bc\" data-element_type=\"column\">\n\t\t\t<div class=\"elementor-widget-wrap\">\n\t\t\t\t\t\t\t<\/div>\n\t\t<\/div>\n\t\t\t\t\t<\/div>\n\t\t<\/section>\n\t\t\t\t\t<\/div>\n\t\t<\/div>\n\t\t\t\t\t<\/div>\n\t\t<\/section>\n\t\t\t\t<\/div>","protected":false},"excerpt":{"rendered":"<p>Pr\u00edomhoide (ag feidhmi\u00fa) Helen N\u00ed Chianaigh Pr\u00edomhoide T\u00e1inisteach (ag feidhmi\u00fa) Sarah N\u00ed Fhaol\u00e1in\u00a0 Na\u00edon\u00e1in Bheaga A &#8211; M\u00fainteoir R\u00f3is\u00edn Na\u00edon\u00e1in Bheaga B &#8211; M\u00fainteoir Cl\u00f3dagh N\u00ed R Na\u00edon\u00e1in Mh\u00f3ra A &#8211; M\u00fainteoir Eva Na\u00edon\u00e1in Mh\u00f3ra B &#8211; M\u00fainteoir Laura Rang 1A- M\u00fainteoir Sharon Rang 1B- M\u00fainteoir James Rang 2 &#8211; M\u00fainteoir Niamh Rang 2\/3- M\u00fainteoir [&hellip;]<\/p>","protected":false},"author":2,"featured_media":0,"parent":0,"menu_order":0,"comment_status":"closed","ping_status":"closed","template":"","meta":{"footnotes":""},"class_list":["post-1167","page","type-page","status-publish","hentry"],"_links":{"self":[{"href":"https:\/\/gaelscoilshliabhrua.ie\/en\/wp-json\/wp\/v2\/pages\/1167","targetHints":{"allow":["GET"]}}],"collection":[{"href":"https:\/\/gaelscoilshliabhrua.ie\/en\/wp-json\/wp\/v2\/pages"}],"about":[{"href":"https:\/\/gaelscoilshliabhrua.ie\/en\/wp-json\/wp\/v2\/types\/page"}],"author":[{"embeddable":true,"href":"https:\/\/gaelscoilshliabhrua.ie\/en\/wp-json\/wp\/v2\/users\/2"}],"replies":[{"embeddable":true,"href":"https:\/\/gaelscoilshliabhrua.ie\/en\/wp-json\/wp\/v2\/comments?post=1167"}],"version-history":[{"count":53,"href":"https:\/\/gaelscoilshliabhrua.ie\/en\/wp-json\/wp\/v2\/pages\/1167\/revisions"}],"predecessor-version":[{"id":1873,"href":"https:\/\/gaelscoilshliabhrua.ie\/en\/wp-json\/wp\/v2\/pages\/1167\/revisions\/1873"}],"wp:attachment":[{"href":"https:\/\/gaelscoilshliabhrua.ie\/en\/wp-json\/wp\/v2\/media?parent=1167"}],"curies":[{"name":"wp","href":"https:\/\/api.w.org\/{rel}","templated":true}]}}